{"id":2747,"date":"2022-03-08T17:35:57","date_gmt":"2022-03-08T17:35:57","guid":{"rendered":"https:\/\/www.canariasimprovisa.com\/unternehmen\/die-impro-teekanne\/"},"modified":"2025-09-04T15:44:18","modified_gmt":"2025-09-04T15:44:18","slug":"die-impro-teekanne","status":"publish","type":"page","link":"https:\/\/www.canariasimprovisa.com\/de\/unternehmen\/die-impro-teekanne\/","title":{"rendered":"DIE IMPRO-TEEKANNE!"},"content":{"rendered":"\t\t<div data-elementor-type=\"wp-page\" data-elementor-id=\"2747\" class=\"elementor elementor-2747 elementor-976\" data-elementor-post-type=\"page\">\n\t\t\t\t\t\t<section class=\"elementor-section elementor-top-section elementor-element elementor-element-f876f1a elementor-section-boxed elementor-section-height-default elementor-section-height-default\" data-id=\"f876f1a\" data-element_type=\"section\" data-settings=\"{&quot;background_background&quot;:&quot;classic&quot;,&quot;shape_divider_bottom&quot;:&quot;curve&quot;}\">\n\t\t\t\t\t\t\t<div class=\"elementor-background-overlay\"><\/div>\n\t\t\t\t\t\t<div class=\"elementor-shape elementor-shape-bottom\" aria-hidden=\"true\" data-negative=\"false\">\n\t\t\t<svg xmlns=\"http:\/\/www.w3.org\/2000\/svg\" viewBox=\"0 0 1000 100\" preserveAspectRatio=\"none\">\n    <path class=\"elementor-shape-fill\" d=\"M1000,4.3V0H0v4.3C0.9,23.1,126.7,99.2,500,100S1000,22.7,1000,4.3z\"\/>\n<\/svg>\t\t<\/div>\n\t\t\t\t\t<div class=\"elementor-container elementor-column-gap-default\">\n\t\t\t\t\t<div class=\"elementor-column elementor-col-100 elementor-top-column elementor-element elementor-element-474b4205\" data-id=\"474b4205\" data-element_type=\"column\">\n\t\t\t<div class=\"elementor-widget-wrap elementor-element-populated\">\n\t\t\t\t\t\t<section class=\"elementor-section elementor-inner-section elementor-element elementor-element-6de3d04f elementor-section-boxed elementor-section-height-default elementor-section-height-default\" data-id=\"6de3d04f\" data-element_type=\"section\">\n\t\t\t\t\t\t<div class=\"elementor-container elementor-column-gap-default\">\n\t\t\t\t\t<div class=\"elementor-column elementor-col-100 elementor-inner-column elementor-element elementor-element-263ee499\" data-id=\"263ee499\" data-element_type=\"column\">\n\t\t\t<div class=\"elementor-widget-wrap elementor-element-populated\">\n\t\t\t\t\t\t<div class=\"elementor-element elementor-element-5825c485 elementor-invisible elementor-widget elementor-widget-heading\" data-id=\"5825c485\" data-element_type=\"widget\" data-settings=\"{&quot;_animation&quot;:&quot;fadeInUp&quot;}\" data-widget_type=\"heading.default\">\n\t\t\t\t<div class=\"elementor-widget-container\">\n\t\t\t\t\t<h1 class=\"elementor-heading-title elementor-size-large\">Unternehmen<\/h1>\t\t\t\t<\/div>\n\t\t\t\t<\/div>\n\t\t\t\t<div class=\"elementor-element elementor-element-53be92d9 elementor-invisible elementor-widget elementor-widget-heading\" data-id=\"53be92d9\" data-element_type=\"widget\" data-settings=\"{&quot;_animation&quot;:&quot;fadeIn&quot;}\" data-widget_type=\"heading.default\">\n\t\t\t\t<div class=\"elementor-widget-container\">\n\t\t\t\t\t<div class=\"elementor-heading-title elementor-size-xxl\">DIE IMPRO-TEEKANNE!<\/div>\t\t\t\t<\/div>\n\t\t\t\t<\/div>\n\t\t\t\t<div class=\"elementor-element elementor-element-4688b087 elementor-widget elementor-widget-text-editor\" data-id=\"4688b087\" data-element_type=\"widget\" data-widget_type=\"text-editor.default\">\n\t\t\t\t<div class=\"elementor-widget-container\">\n\t\t\t\t\t\t\t\t\t<p>Der IMPRO-Wasserkocher! Es handelt sich um eine Improvisationstheatergruppe, die 2008 in Granada gegr\u00fcndet wurde und derzeit an Spielorten in M\u00e1laga und Granada gastiert.<\/p>\t\t\t\t\t\t\t\t<\/div>\n\t\t\t\t<\/div>\n\t\t\t\t\t<\/div>\n\t\t<\/div>\n\t\t\t\t\t<\/div>\n\t\t<\/section>\n\t\t\t\t<div class=\"elementor-element elementor-element-554b2f03 elementor-widget elementor-widget-spacer\" data-id=\"554b2f03\" data-element_type=\"widget\" data-widget_type=\"spacer.default\">\n\t\t\t\t<div class=\"elementor-widget-container\">\n\t\t\t\t\t\t\t<div class=\"elementor-spacer\">\n\t\t\t<div class=\"elementor-spacer-inner\"><\/div>\n\t\t<\/div>\n\t\t\t\t\t\t<\/div>\n\t\t\t\t<\/div>\n\t\t\t\t\t<\/div>\n\t\t<\/div>\n\t\t\t\t\t<\/div>\n\t\t<\/section>\n\t\t\t\t<section class=\"elementor-section elementor-top-section elementor-element elementor-element-190ed602 elementor-section-boxed elementor-section-height-default elementor-section-height-default\" data-id=\"190ed602\" data-element_type=\"section\" data-settings=\"{&quot;background_background&quot;:&quot;classic&quot;}\">\n\t\t\t\t\t\t<div class=\"elementor-container elementor-column-gap-default\">\n\t\t\t\t\t<div class=\"elementor-column elementor-col-100 elementor-top-column elementor-element elementor-element-51441eb9\" data-id=\"51441eb9\" data-element_type=\"column\">\n\t\t\t<div class=\"elementor-widget-wrap elementor-element-populated\">\n\t\t\t\t\t\t<div class=\"elementor-element elementor-element-f4a7afd elementor-invisible elementor-widget elementor-widget-heading\" data-id=\"f4a7afd\" data-element_type=\"widget\" data-settings=\"{&quot;_animation&quot;:&quot;fadeInUp&quot;}\" data-widget_type=\"heading.default\">\n\t\t\t\t<div class=\"elementor-widget-container\">\n\t\t\t\t\t<h5 class=\"elementor-heading-title elementor-size-default\">Unternehmen<\/h5>\t\t\t\t<\/div>\n\t\t\t\t<\/div>\n\t\t\t\t<div class=\"elementor-element elementor-element-34eb64b5 elementor-invisible elementor-widget elementor-widget-heading\" data-id=\"34eb64b5\" data-element_type=\"widget\" data-settings=\"{&quot;_animation&quot;:&quot;fadeInUp&quot;}\" data-widget_type=\"heading.default\">\n\t\t\t\t<div class=\"elementor-widget-container\">\n\t\t\t\t\t<h2 class=\"elementor-heading-title elementor-size-default\">DIE <span class=\"yellow\">IMPRO-TEEKANNE! <\/span> <\/h2>\t\t\t\t<\/div>\n\t\t\t\t<\/div>\n\t\t\t\t<section class=\"elementor-section elementor-inner-section elementor-element elementor-element-72d1b816 elementor-reverse-mobile elementor-section-boxed elementor-section-height-default elementor-section-height-default\" data-id=\"72d1b816\" data-element_type=\"section\">\n\t\t\t\t\t\t<div class=\"elementor-container elementor-column-gap-default\">\n\t\t\t\t\t<div class=\"elementor-column elementor-col-66 elementor-inner-column elementor-element elementor-element-69bdeedc elementor-invisible\" data-id=\"69bdeedc\" data-element_type=\"column\" data-settings=\"{&quot;animation&quot;:&quot;fadeInLeft&quot;}\">\n\t\t\t<div class=\"elementor-widget-wrap elementor-element-populated\">\n\t\t\t\t\t\t<div class=\"elementor-element elementor-element-148a4d98 elementor-icon-list--layout-traditional elementor-list-item-link-full_width elementor-widget elementor-widget-icon-list\" data-id=\"148a4d98\" data-element_type=\"widget\" data-widget_type=\"icon-list.default\">\n\t\t\t\t<div class=\"elementor-widget-container\">\n\t\t\t\t\t\t\t<ul class=\"elementor-icon-list-items\">\n\t\t\t\t\t\t\t<li class=\"elementor-icon-list-item\">\n\t\t\t\t\t\t\t\t\t\t\t<span class=\"elementor-icon-list-icon\">\n\t\t\t\t\t\t\t<i aria-hidden=\"true\" class=\"fas fa-map-marker-alt\"><\/i>\t\t\t\t\t\t<\/span>\n\t\t\t\t\t\t\t\t\t\t<span class=\"elementor-icon-list-text\">Herkunft: Grenada<\/span>\n\t\t\t\t\t\t\t\t\t<\/li>\n\t\t\t\t\t\t<\/ul>\n\t\t\t\t\t\t<\/div>\n\t\t\t\t<\/div>\n\t\t\t\t<div class=\"elementor-element elementor-element-3754e60 elementor-widget elementor-widget-text-editor\" data-id=\"3754e60\" data-element_type=\"widget\" data-widget_type=\"text-editor.default\">\n\t\t\t\t<div class=\"elementor-widget-container\">\n\t\t\t\t\t\t\t\t\t<p>Der IMPRO-Wasserkocher! Es handelt sich um eine Improvisationstheatergruppe, die 2008 in Granada gegr\u00fcndet wurde und derzeit an <strong>Spielorten in M\u00e1laga und Granada gastiert<\/strong>.<\/p><p><span style=\"font-weight: 400;\">Sie haben an den wichtigsten nationalen Veranstaltungen des Sektors teilgenommen und organisieren seit 2014 das Granada Improvisation Festival (FESTIG). Ihr Ansatz konzentriert sich auf die sofortige Kreation durch k\u00f6rperliche und gestische Sprache und bietet improvisierte Comedy-Shows mit einer sorgf\u00e4ltigen \u00c4sthetik und innovativen Techniken. <\/span><\/p>\t\t\t\t\t\t\t\t<\/div>\n\t\t\t\t<\/div>\n\t\t\t\t<div class=\"elementor-element elementor-element-55546020 elementor-align-left elementor-mobile-align-center elementor-widget elementor-widget-button\" data-id=\"55546020\" data-element_type=\"widget\" data-widget_type=\"button.default\">\n\t\t\t\t<div class=\"elementor-widget-container\">\n\t\t\t\t\t\t\t\t\t<div class=\"elementor-button-wrapper\">\n\t\t\t\t\t<a class=\"elementor-button elementor-button-link elementor-size-sm\" href=\"https:\/\/www.lateteraimpro.com\/\" target=\"_blank\">\n\t\t\t\t\t\t<span class=\"elementor-button-content-wrapper\">\n\t\t\t\t\t\t\t\t\t<span class=\"elementor-button-text\">Siehe Unternehmen<\/span>\n\t\t\t\t\t<\/span>\n\t\t\t\t\t<\/a>\n\t\t\t\t<\/div>\n\t\t\t\t\t\t\t\t<\/div>\n\t\t\t\t<\/div>\n\t\t\t\t\t<\/div>\n\t\t<\/div>\n\t\t\t\t<div class=\"elementor-column elementor-col-33 elementor-inner-column elementor-element elementor-element-3133348f\" data-id=\"3133348f\" data-element_type=\"column\">\n\t\t\t<div class=\"elementor-widget-wrap elementor-element-populated\">\n\t\t\t\t\t\t<div class=\"elementor-element elementor-element-1c77b1b3 elementor-invisible elementor-widget elementor-widget-image\" data-id=\"1c77b1b3\" data-element_type=\"widget\" data-settings=\"{&quot;_animation&quot;:&quot;zoomIn&quot;}\" data-widget_type=\"image.default\">\n\t\t\t\t<div class=\"elementor-widget-container\">\n\t\t\t\t\t\t\t\t\t\t\t\t\t\t\t<img fetchpriority=\"high\" decoding=\"async\" width=\"682\" height=\"1024\" src=\"https:\/\/www.canariasimprovisa.com\/wp-content\/uploads\/2025\/09\/Foto-espectaculo-Lorca-682x1024.jpg\" class=\"attachment-large size-large wp-image-6881\" alt=\"\" srcset=\"https:\/\/www.canariasimprovisa.com\/wp-content\/uploads\/2025\/09\/Foto-espectaculo-Lorca-682x1024.jpg 682w, https:\/\/www.canariasimprovisa.com\/wp-content\/uploads\/2025\/09\/Foto-espectaculo-Lorca-200x300.jpg 200w, https:\/\/www.canariasimprovisa.com\/wp-content\/uploads\/2025\/09\/Foto-espectaculo-Lorca-768x1152.jpg 768w, https:\/\/www.canariasimprovisa.com\/wp-content\/uploads\/2025\/09\/Foto-espectaculo-Lorca-1024x1536.jpg 1024w, https:\/\/www.canariasimprovisa.com\/wp-content\/uploads\/2025\/09\/Foto-espectaculo-Lorca.jpg 1333w\" sizes=\"(max-width: 682px) 100vw, 682px\" \/>\t\t\t\t\t\t\t\t\t\t\t\t\t\t\t<\/div>\n\t\t\t\t<\/div>\n\t\t\t\t\t<\/div>\n\t\t<\/div>\n\t\t\t\t\t<\/div>\n\t\t<\/section>\n\t\t\t\t<div class=\"elementor-element elementor-element-41b2feee elementor-invisible elementor-widget elementor-widget-heading\" data-id=\"41b2feee\" data-element_type=\"widget\" data-settings=\"{&quot;_animation&quot;:&quot;fadeInUp&quot;}\" data-widget_type=\"heading.default\">\n\t\t\t\t<div class=\"elementor-widget-container\">\n\t\t\t\t\t<h2 class=\"elementor-heading-title elementor-size-default\">Die <span class=\"yellow\">Shows<\/span><\/h2>\t\t\t\t<\/div>\n\t\t\t\t<\/div>\n\t\t\t\t<section class=\"elementor-section elementor-inner-section elementor-element elementor-element-6c18c7e8 elementor-section-content-middle elementor-section-boxed elementor-section-height-default elementor-section-height-default\" data-id=\"6c18c7e8\" data-element_type=\"section\">\n\t\t\t\t\t\t<div class=\"elementor-container elementor-column-gap-no\">\n\t\t\t\t\t<div class=\"elementor-column elementor-col-50 elementor-inner-column elementor-element elementor-element-406d7d59\" data-id=\"406d7d59\" data-element_type=\"column\">\n\t\t\t<div class=\"elementor-widget-wrap elementor-element-populated\">\n\t\t\t\t\t\t<div class=\"elementor-element elementor-element-78283ce5 elementor-invisible elementor-widget elementor-widget-image\" data-id=\"78283ce5\" data-element_type=\"widget\" data-settings=\"{&quot;_animation&quot;:&quot;zoomIn&quot;}\" data-widget_type=\"image.default\">\n\t\t\t\t<div class=\"elementor-widget-container\">\n\t\t\t\t\t\t\t\t\t\t\t\t\t\t\t<img decoding=\"async\" width=\"768\" height=\"1086\" src=\"https:\/\/www.canariasimprovisa.com\/wp-content\/uploads\/2025\/08\/TE-COMO-LA-VIDA-CARTEL-768x1086.jpg\" class=\"attachment-medium_large size-medium_large wp-image-6373\" alt=\"\" srcset=\"https:\/\/www.canariasimprovisa.com\/wp-content\/uploads\/2025\/08\/TE-COMO-LA-VIDA-CARTEL-768x1086.jpg 768w, https:\/\/www.canariasimprovisa.com\/wp-content\/uploads\/2025\/08\/TE-COMO-LA-VIDA-CARTEL-212x300.jpg 212w, https:\/\/www.canariasimprovisa.com\/wp-content\/uploads\/2025\/08\/TE-COMO-LA-VIDA-CARTEL-724x1024.jpg 724w, https:\/\/www.canariasimprovisa.com\/wp-content\/uploads\/2025\/08\/TE-COMO-LA-VIDA-CARTEL-1086x1536.jpg 1086w, https:\/\/www.canariasimprovisa.com\/wp-content\/uploads\/2025\/08\/TE-COMO-LA-VIDA-CARTEL-1448x2048.jpg 1448w, https:\/\/www.canariasimprovisa.com\/wp-content\/uploads\/2025\/08\/TE-COMO-LA-VIDA-CARTEL-scaled.jpg 1810w\" sizes=\"(max-width: 768px) 100vw, 768px\" \/>\t\t\t\t\t\t\t\t\t\t\t\t\t\t\t<\/div>\n\t\t\t\t<\/div>\n\t\t\t\t\t<\/div>\n\t\t<\/div>\n\t\t\t\t<div class=\"elementor-column elementor-col-50 elementor-inner-column elementor-element elementor-element-79dd3d35 elementor-invisible\" data-id=\"79dd3d35\" data-element_type=\"column\" data-settings=\"{&quot;animation&quot;:&quot;fadeInRight&quot;}\">\n\t\t\t<div class=\"elementor-widget-wrap elementor-element-populated\">\n\t\t\t\t\t\t<div class=\"elementor-element elementor-element-5732ca53 elementor-widget elementor-widget-heading\" data-id=\"5732ca53\" data-element_type=\"widget\" data-widget_type=\"heading.default\">\n\t\t\t\t<div class=\"elementor-widget-container\">\n\t\t\t\t\t<h3 class=\"elementor-heading-title elementor-size-xl\">ICH ESSE DEIN LEBEN<\/h3>\t\t\t\t<\/div>\n\t\t\t\t<\/div>\n\t\t\t\t<div class=\"elementor-element elementor-element-225a2fa8 elementor-widget-divider--view-line elementor-widget elementor-widget-divider\" data-id=\"225a2fa8\" data-element_type=\"widget\" data-widget_type=\"divider.default\">\n\t\t\t\t<div class=\"elementor-widget-container\">\n\t\t\t\t\t\t\t<div class=\"elementor-divider\">\n\t\t\t<span class=\"elementor-divider-separator\">\n\t\t\t\t\t\t<\/span>\n\t\t<\/div>\n\t\t\t\t\t\t<\/div>\n\t\t\t\t<\/div>\n\t\t\t\t<div class=\"elementor-element elementor-element-1cce5722 elementor-widget elementor-widget-text-editor\" data-id=\"1cce5722\" data-element_type=\"widget\" data-widget_type=\"text-editor.default\">\n\t\t\t\t<div class=\"elementor-widget-container\">\n\t\t\t\t\t\t\t\t\t<p><span style=\"font-weight: 400;\">Te Como la Vida ist eine Improvisations-Show, die sich mit den Herausforderungen und der Komplexit\u00e4t des t\u00e4glichen Lebens auseinandersetzt. Als menschliche Wesen sind wir auf soziale Interaktionen angewiesen, um unsere Tr\u00e4ume zu verwirklichen, Liebe und Leid zu erfahren und mit Erfolg und Misserfolg umzugehen. Wir m\u00fcssen f\u00fchlen, und dieses St\u00fcck spiegelt genau das wider. In unzusammenh\u00e4ngenden Szenen voller Verletzlichkeit, Z\u00e4rtlichkeit, Lachen und Tr\u00e4nen werden die Zuschauer sich selbst in universellen Konflikten wiederfinden. Die Show wird durch die Vorschl\u00e4ge des Publikums inspiriert und schafft so eine einzigartige und unwiederholbare Erfahrung. Te Como la Vida spricht auf subtile Weise Geschlechterstereotypen und soziale Rollen an und l\u00e4dt durch Humor und Spontaneit\u00e4t zum Nachdenken ein.     <\/span><\/p>\t\t\t\t\t\t\t\t<\/div>\n\t\t\t\t<\/div>\n\t\t\t\t\t<\/div>\n\t\t<\/div>\n\t\t\t\t\t<\/div>\n\t\t<\/section>\n\t\t\t\t\t<\/div>\n\t\t<\/div>\n\t\t\t\t\t<\/div>\n\t\t<\/section>\n\t\t\t\t<section class=\"elementor-section elementor-top-section elementor-element elementor-element-7e3e077 elementor-section-boxed elementor-section-height-default elementor-section-height-default\" data-id=\"7e3e077\" data-element_type=\"section\">\n\t\t\t\t\t\t<div class=\"elementor-container elementor-column-gap-default\">\n\t\t\t\t\t<div class=\"elementor-column elementor-col-100 elementor-top-column elementor-element elementor-element-a0c5f29\" data-id=\"a0c5f29\" data-element_type=\"column\">\n\t\t\t<div class=\"elementor-widget-wrap elementor-element-populated\">\n\t\t\t\t\t\t<div class=\"elementor-element elementor-element-af90ccb elementor-widget elementor-widget-video\" data-id=\"af90ccb\" data-element_type=\"widget\" data-settings=\"{&quot;youtube_url&quot;:&quot;https:\\\/\\\/www.youtube.com\\\/watch?v=p4dywBbDAdA&amp;authuser=1&quot;,&quot;video_type&quot;:&quot;youtube&quot;,&quot;controls&quot;:&quot;yes&quot;}\" data-widget_type=\"video.default\">\n\t\t\t\t<div class=\"elementor-widget-container\">\n\t\t\t\t\t\t\t<div class=\"elementor-wrapper elementor-open-inline\">\n\t\t\t<div class=\"elementor-video\"><\/div>\t\t<\/div>\n\t\t\t\t\t\t<\/div>\n\t\t\t\t<\/div>\n\t\t\t\t\t<\/div>\n\t\t<\/div>\n\t\t\t\t\t<\/div>\n\t\t<\/section>\n\t\t\t\t<\/div>\n\t\t","protected":false},"excerpt":{"rendered":"<p>Unternehmen DIE IMPRO-TEEKANNE! Der IMPRO-Wasserkocher! Es handelt sich um eine Improvisationstheatergruppe, die 2008 in Granada gegr\u00fcndet wurde und derzeit an Spielorten in M\u00e1laga und Granada gastiert. Unternehmen DIE IMPRO-TEEKANNE! Herkunft: Grenada Der IMPRO-Wasserkocher! Es handelt sich um eine Improvisationstheatergruppe, die 2008 in Granada gegr\u00fcndet wurde und derzeit an Spielorten in M\u00e1laga und Granada gastiert. Sie [&hellip;]<\/p>\n","protected":false},"author":1,"featured_media":0,"parent":2677,"menu_order":0,"comment_status":"closed","ping_status":"closed","template":"elementor_header_footer","meta":{"footnotes":""},"class_list":["post-2747","page","type-page","status-publish","hentry"],"yoast_head":"<!-- This site is optimized with the Yoast SEO plugin v26.8 - https:\/\/yoast.com\/product\/yoast-seo-wordpress\/ -->\n<title>La Tetera Impro Canarias Improvisa. An dem Festival teilnehmende Unternehmen<\/title>\n<meta name=\"description\" content=\"La Tetera Impro ist eine der Gruppen, die am Improvisationstheaterfestival Canarias Improvisa teilnehmen. Entdecken Sie ihre Workshops.\" \/>\n<meta name=\"robots\" content=\"index, follow, max-snippet:-1, max-image-preview:large, max-video-preview:-1\" \/>\n<link rel=\"canonical\" href=\"https:\/\/www.canariasimprovisa.com\/de\/unternehmen\/die-impro-teekanne\/\" \/>\n<meta property=\"og:locale\" content=\"de_DE\" \/>\n<meta property=\"og:type\" content=\"article\" \/>\n<meta property=\"og:title\" content=\"La Tetera Impro Canarias Improvisa. An dem Festival teilnehmende Unternehmen\" \/>\n<meta property=\"og:description\" content=\"La Tetera Impro ist eine der Gruppen, die am Improvisationstheaterfestival Canarias Improvisa teilnehmen. Entdecken Sie ihre Workshops.\" \/>\n<meta property=\"og:url\" content=\"https:\/\/www.canariasimprovisa.com\/de\/unternehmen\/die-impro-teekanne\/\" \/>\n<meta property=\"og:site_name\" content=\"Festival Impro\" \/>\n<meta property=\"article:modified_time\" content=\"2025-09-04T15:44:18+00:00\" \/>\n<meta property=\"og:image\" content=\"https:\/\/www.canariasimprovisa.com\/wp-content\/uploads\/2025\/09\/Foto-espectaculo-Lorca-682x1024.jpg\" \/>\n\t<meta property=\"og:image:width\" content=\"682\" \/>\n\t<meta property=\"og:image:height\" content=\"1024\" \/>\n\t<meta property=\"og:image:type\" content=\"image\/jpeg\" \/>\n<meta name=\"twitter:card\" content=\"summary_large_image\" \/>\n<meta name=\"twitter:label1\" content=\"Gesch\u00e4tzte Lesezeit\" \/>\n\t<meta name=\"twitter:data1\" content=\"1\u00a0Minute\" \/>\n<script type=\"application\/ld+json\" class=\"yoast-schema-graph\">{\"@context\":\"https:\/\/schema.org\",\"@graph\":[{\"@type\":\"WebPage\",\"@id\":\"https:\/\/www.canariasimprovisa.com\/de\/unternehmen\/die-impro-teekanne\/\",\"url\":\"https:\/\/www.canariasimprovisa.com\/de\/unternehmen\/die-impro-teekanne\/\",\"name\":\"La Tetera Impro Canarias Improvisa. An dem Festival teilnehmende Unternehmen\",\"isPartOf\":{\"@id\":\"https:\/\/www.canariasimprovisa.com\/de\/#website\"},\"primaryImageOfPage\":{\"@id\":\"https:\/\/www.canariasimprovisa.com\/de\/unternehmen\/die-impro-teekanne\/#primaryimage\"},\"image\":{\"@id\":\"https:\/\/www.canariasimprovisa.com\/de\/unternehmen\/die-impro-teekanne\/#primaryimage\"},\"thumbnailUrl\":\"https:\/\/www.canariasimprovisa.com\/wp-content\/uploads\/2025\/09\/Foto-espectaculo-Lorca-682x1024.jpg\",\"datePublished\":\"2022-03-08T17:35:57+00:00\",\"dateModified\":\"2025-09-04T15:44:18+00:00\",\"description\":\"La Tetera Impro ist eine der Gruppen, die am Improvisationstheaterfestival Canarias Improvisa teilnehmen. Entdecken Sie ihre Workshops.\",\"breadcrumb\":{\"@id\":\"https:\/\/www.canariasimprovisa.com\/de\/unternehmen\/die-impro-teekanne\/#breadcrumb\"},\"inLanguage\":\"de\",\"potentialAction\":[{\"@type\":\"ReadAction\",\"target\":[\"https:\/\/www.canariasimprovisa.com\/de\/unternehmen\/die-impro-teekanne\/\"]}]},{\"@type\":\"ImageObject\",\"inLanguage\":\"de\",\"@id\":\"https:\/\/www.canariasimprovisa.com\/de\/unternehmen\/die-impro-teekanne\/#primaryimage\",\"url\":\"https:\/\/www.canariasimprovisa.com\/wp-content\/uploads\/2025\/09\/Foto-espectaculo-Lorca-682x1024.jpg\",\"contentUrl\":\"https:\/\/www.canariasimprovisa.com\/wp-content\/uploads\/2025\/09\/Foto-espectaculo-Lorca-682x1024.jpg\"},{\"@type\":\"BreadcrumbList\",\"@id\":\"https:\/\/www.canariasimprovisa.com\/de\/unternehmen\/die-impro-teekanne\/#breadcrumb\",\"itemListElement\":[{\"@type\":\"ListItem\",\"position\":1,\"name\":\"Portada\",\"item\":\"https:\/\/www.canariasimprovisa.com\/de\/\"},{\"@type\":\"ListItem\",\"position\":2,\"name\":\"Unternehmen\",\"item\":\"https:\/\/www.canariasimprovisa.com\/de\/companias\/\"},{\"@type\":\"ListItem\",\"position\":3,\"name\":\"DIE IMPRO-TEEKANNE!\"}]},{\"@type\":\"WebSite\",\"@id\":\"https:\/\/www.canariasimprovisa.com\/de\/#website\",\"url\":\"https:\/\/www.canariasimprovisa.com\/de\/\",\"name\":\"Festival Impro\",\"description\":\"Festival de Improvisaci\u00f3n de Canarias.\",\"potentialAction\":[{\"@type\":\"SearchAction\",\"target\":{\"@type\":\"EntryPoint\",\"urlTemplate\":\"https:\/\/www.canariasimprovisa.com\/de\/?s={search_term_string}\"},\"query-input\":{\"@type\":\"PropertyValueSpecification\",\"valueRequired\":true,\"valueName\":\"search_term_string\"}}],\"inLanguage\":\"de\"}]}<\/script>\n<!-- \/ Yoast SEO plugin. -->","yoast_head_json":{"title":"La Tetera Impro Canarias Improvisa. An dem Festival teilnehmende Unternehmen","description":"La Tetera Impro ist eine der Gruppen, die am Improvisationstheaterfestival Canarias Improvisa teilnehmen. Entdecken Sie ihre Workshops.","robots":{"index":"index","follow":"follow","max-snippet":"max-snippet:-1","max-image-preview":"max-image-preview:large","max-video-preview":"max-video-preview:-1"},"canonical":"https:\/\/www.canariasimprovisa.com\/de\/unternehmen\/die-impro-teekanne\/","og_locale":"de_DE","og_type":"article","og_title":"La Tetera Impro Canarias Improvisa. An dem Festival teilnehmende Unternehmen","og_description":"La Tetera Impro ist eine der Gruppen, die am Improvisationstheaterfestival Canarias Improvisa teilnehmen. Entdecken Sie ihre Workshops.","og_url":"https:\/\/www.canariasimprovisa.com\/de\/unternehmen\/die-impro-teekanne\/","og_site_name":"Festival Impro","article_modified_time":"2025-09-04T15:44:18+00:00","og_image":[{"width":682,"height":1024,"url":"https:\/\/www.canariasimprovisa.com\/wp-content\/uploads\/2025\/09\/Foto-espectaculo-Lorca-682x1024.jpg","type":"image\/jpeg"}],"twitter_card":"summary_large_image","twitter_misc":{"Gesch\u00e4tzte Lesezeit":"1\u00a0Minute"},"schema":{"@context":"https:\/\/schema.org","@graph":[{"@type":"WebPage","@id":"https:\/\/www.canariasimprovisa.com\/de\/unternehmen\/die-impro-teekanne\/","url":"https:\/\/www.canariasimprovisa.com\/de\/unternehmen\/die-impro-teekanne\/","name":"La Tetera Impro Canarias Improvisa. An dem Festival teilnehmende Unternehmen","isPartOf":{"@id":"https:\/\/www.canariasimprovisa.com\/de\/#website"},"primaryImageOfPage":{"@id":"https:\/\/www.canariasimprovisa.com\/de\/unternehmen\/die-impro-teekanne\/#primaryimage"},"image":{"@id":"https:\/\/www.canariasimprovisa.com\/de\/unternehmen\/die-impro-teekanne\/#primaryimage"},"thumbnailUrl":"https:\/\/www.canariasimprovisa.com\/wp-content\/uploads\/2025\/09\/Foto-espectaculo-Lorca-682x1024.jpg","datePublished":"2022-03-08T17:35:57+00:00","dateModified":"2025-09-04T15:44:18+00:00","description":"La Tetera Impro ist eine der Gruppen, die am Improvisationstheaterfestival Canarias Improvisa teilnehmen. Entdecken Sie ihre Workshops.","breadcrumb":{"@id":"https:\/\/www.canariasimprovisa.com\/de\/unternehmen\/die-impro-teekanne\/#breadcrumb"},"inLanguage":"de","potentialAction":[{"@type":"ReadAction","target":["https:\/\/www.canariasimprovisa.com\/de\/unternehmen\/die-impro-teekanne\/"]}]},{"@type":"ImageObject","inLanguage":"de","@id":"https:\/\/www.canariasimprovisa.com\/de\/unternehmen\/die-impro-teekanne\/#primaryimage","url":"https:\/\/www.canariasimprovisa.com\/wp-content\/uploads\/2025\/09\/Foto-espectaculo-Lorca-682x1024.jpg","contentUrl":"https:\/\/www.canariasimprovisa.com\/wp-content\/uploads\/2025\/09\/Foto-espectaculo-Lorca-682x1024.jpg"},{"@type":"BreadcrumbList","@id":"https:\/\/www.canariasimprovisa.com\/de\/unternehmen\/die-impro-teekanne\/#breadcrumb","itemListElement":[{"@type":"ListItem","position":1,"name":"Portada","item":"https:\/\/www.canariasimprovisa.com\/de\/"},{"@type":"ListItem","position":2,"name":"Unternehmen","item":"https:\/\/www.canariasimprovisa.com\/de\/companias\/"},{"@type":"ListItem","position":3,"name":"DIE IMPRO-TEEKANNE!"}]},{"@type":"WebSite","@id":"https:\/\/www.canariasimprovisa.com\/de\/#website","url":"https:\/\/www.canariasimprovisa.com\/de\/","name":"Festival Impro","description":"Festival de Improvisaci\u00f3n de Canarias.","potentialAction":[{"@type":"SearchAction","target":{"@type":"EntryPoint","urlTemplate":"https:\/\/www.canariasimprovisa.com\/de\/?s={search_term_string}"},"query-input":{"@type":"PropertyValueSpecification","valueRequired":true,"valueName":"search_term_string"}}],"inLanguage":"de"}]}},"_links":{"self":[{"href":"https:\/\/www.canariasimprovisa.com\/de\/wp-json\/wp\/v2\/pages\/2747","targetHints":{"allow":["GET"]}}],"collection":[{"href":"https:\/\/www.canariasimprovisa.com\/de\/wp-json\/wp\/v2\/pages"}],"about":[{"href":"https:\/\/www.canariasimprovisa.com\/de\/wp-json\/wp\/v2\/types\/page"}],"author":[{"embeddable":true,"href":"https:\/\/www.canariasimprovisa.com\/de\/wp-json\/wp\/v2\/users\/1"}],"replies":[{"embeddable":true,"href":"https:\/\/www.canariasimprovisa.com\/de\/wp-json\/wp\/v2\/comments?post=2747"}],"version-history":[{"count":5,"href":"https:\/\/www.canariasimprovisa.com\/de\/wp-json\/wp\/v2\/pages\/2747\/revisions"}],"predecessor-version":[{"id":6885,"href":"https:\/\/www.canariasimprovisa.com\/de\/wp-json\/wp\/v2\/pages\/2747\/revisions\/6885"}],"up":[{"embeddable":true,"href":"https:\/\/www.canariasimprovisa.com\/de\/wp-json\/wp\/v2\/pages\/2677"}],"wp:attachment":[{"href":"https:\/\/www.canariasimprovisa.com\/de\/wp-json\/wp\/v2\/media?parent=2747"}],"curies":[{"name":"wp","href":"https:\/\/api.w.org\/{rel}","templated":true}]}}