{"id":2652,"date":"2022-03-01T10:50:20","date_gmt":"2022-03-01T10:50:20","guid":{"rendered":"https:\/\/www.canariasimprovisa.com\/werkstaetten\/"},"modified":"2025-09-08T16:26:36","modified_gmt":"2025-09-08T16:26:36","slug":"werkstaetten","status":"publish","type":"page","link":"https:\/\/www.canariasimprovisa.com\/de\/werkstaetten\/","title":{"rendered":"Werkst\u00e4tten"},"content":{"rendered":"\t\t<div data-elementor-type=\"wp-page\" data-elementor-id=\"2652\" class=\"elementor elementor-2652 elementor-107\" data-elementor-post-type=\"page\">\n\t\t\t\t\t\t<section class=\"elementor-section elementor-top-section elementor-element elementor-element-d5426fd elementor-section-boxed elementor-section-height-default elementor-section-height-default\" data-id=\"d5426fd\" data-element_type=\"section\" data-settings=\"{&quot;background_background&quot;:&quot;classic&quot;,&quot;shape_divider_bottom&quot;:&quot;curve&quot;}\">\n\t\t\t\t\t\t\t<div class=\"elementor-background-overlay\"><\/div>\n\t\t\t\t\t\t<div class=\"elementor-shape elementor-shape-bottom\" aria-hidden=\"true\" data-negative=\"false\">\n\t\t\t<svg xmlns=\"http:\/\/www.w3.org\/2000\/svg\" viewBox=\"0 0 1000 100\" preserveAspectRatio=\"none\">\n    <path class=\"elementor-shape-fill\" d=\"M1000,4.3V0H0v4.3C0.9,23.1,126.7,99.2,500,100S1000,22.7,1000,4.3z\"\/>\n<\/svg>\t\t<\/div>\n\t\t\t\t\t<div class=\"elementor-container elementor-column-gap-default\">\n\t\t\t\t\t<div class=\"elementor-column elementor-col-100 elementor-top-column elementor-element elementor-element-720eef7\" data-id=\"720eef7\" data-element_type=\"column\">\n\t\t\t<div class=\"elementor-widget-wrap elementor-element-populated\">\n\t\t\t\t\t\t<section class=\"elementor-section elementor-inner-section elementor-element elementor-element-3c53413 elementor-section-boxed elementor-section-height-default elementor-section-height-default\" data-id=\"3c53413\" data-element_type=\"section\">\n\t\t\t\t\t\t<div class=\"elementor-container elementor-column-gap-default\">\n\t\t\t\t\t<div class=\"elementor-column elementor-col-100 elementor-inner-column elementor-element elementor-element-7241327\" data-id=\"7241327\" data-element_type=\"column\">\n\t\t\t<div class=\"elementor-widget-wrap elementor-element-populated\">\n\t\t\t\t\t\t<div class=\"elementor-element elementor-element-a97b0dc elementor-invisible elementor-widget elementor-widget-heading\" data-id=\"a97b0dc\" data-element_type=\"widget\" data-settings=\"{&quot;_animation&quot;:&quot;fadeInUp&quot;}\" data-widget_type=\"heading.default\">\n\t\t\t\t<div class=\"elementor-widget-container\">\n\t\t\t\t\t<h1 class=\"elementor-heading-title elementor-size-large\">KANARIENVOGEL IMPROVISIERT<\/h1>\t\t\t\t<\/div>\n\t\t\t\t<\/div>\n\t\t\t\t<div class=\"elementor-element elementor-element-71fc915 elementor-invisible elementor-widget elementor-widget-heading\" data-id=\"71fc915\" data-element_type=\"widget\" data-settings=\"{&quot;_animation&quot;:&quot;fadeIn&quot;}\" data-widget_type=\"heading.default\">\n\t\t\t\t<div class=\"elementor-widget-container\">\n\t\t\t\t\t<div class=\"elementor-heading-title elementor-size-xxl\">Werkst\u00e4tten<\/div>\t\t\t\t<\/div>\n\t\t\t\t<\/div>\n\t\t\t\t\t<\/div>\n\t\t<\/div>\n\t\t\t\t\t<\/div>\n\t\t<\/section>\n\t\t\t\t<div class=\"elementor-element elementor-element-779c80a elementor-widget elementor-widget-spacer\" data-id=\"779c80a\" data-element_type=\"widget\" data-widget_type=\"spacer.default\">\n\t\t\t\t<div class=\"elementor-widget-container\">\n\t\t\t\t\t\t\t<div class=\"elementor-spacer\">\n\t\t\t<div class=\"elementor-spacer-inner\"><\/div>\n\t\t<\/div>\n\t\t\t\t\t\t<\/div>\n\t\t\t\t<\/div>\n\t\t\t\t\t<\/div>\n\t\t<\/div>\n\t\t\t\t\t<\/div>\n\t\t<\/section>\n\t\t\t\t<section class=\"elementor-section elementor-top-section elementor-element elementor-element-97bdd5e elementor-section-boxed elementor-section-height-default elementor-section-height-default\" data-id=\"97bdd5e\" data-element_type=\"section\" data-settings=\"{&quot;background_background&quot;:&quot;classic&quot;}\">\n\t\t\t\t\t\t<div class=\"elementor-container elementor-column-gap-default\">\n\t\t\t\t\t<div class=\"elementor-column elementor-col-100 elementor-top-column elementor-element elementor-element-5637cfa\" data-id=\"5637cfa\" data-element_type=\"column\">\n\t\t\t<div class=\"elementor-widget-wrap elementor-element-populated\">\n\t\t\t\t\t\t<div class=\"elementor-element elementor-element-4108052 elementor-invisible elementor-widget elementor-widget-heading\" data-id=\"4108052\" data-element_type=\"widget\" data-settings=\"{&quot;_animation&quot;:&quot;fadeInUp&quot;}\" data-widget_type=\"heading.default\">\n\t\t\t\t<div class=\"elementor-widget-container\">\n\t\t\t\t\t<h5 class=\"elementor-heading-title elementor-size-default\">Programmierung<\/h5>\t\t\t\t<\/div>\n\t\t\t\t<\/div>\n\t\t\t\t<div class=\"elementor-element elementor-element-edc16d3 elementor-invisible elementor-widget elementor-widget-heading\" data-id=\"edc16d3\" data-element_type=\"widget\" data-settings=\"{&quot;_animation&quot;:&quot;fadeInUp&quot;}\" data-widget_type=\"heading.default\">\n\t\t\t\t<div class=\"elementor-widget-container\">\n\t\t\t\t\t<h2 class=\"elementor-heading-title elementor-size-default\">Unsere <span class=\"yellow\">Workshops<\/span><\/h2>\t\t\t\t<\/div>\n\t\t\t\t<\/div>\n\t\t\t\t<section class=\"elementor-section elementor-inner-section elementor-element elementor-element-d62a9bf elementor-section-content-middle elementor-reverse-mobile elementor-section-boxed elementor-section-height-default elementor-section-height-default\" data-id=\"d62a9bf\" data-element_type=\"section\">\n\t\t\t\t\t\t<div class=\"elementor-container elementor-column-gap-no\">\n\t\t\t\t\t<div class=\"elementor-column elementor-col-50 elementor-inner-column elementor-element elementor-element-290e484 elementor-invisible\" data-id=\"290e484\" data-element_type=\"column\" data-settings=\"{&quot;animation&quot;:&quot;fadeInLeft&quot;}\">\n\t\t\t<div class=\"elementor-widget-wrap elementor-element-populated\">\n\t\t\t\t\t\t<div class=\"elementor-element elementor-element-ac653aa elementor-widget elementor-widget-heading\" data-id=\"ac653aa\" data-element_type=\"widget\" data-widget_type=\"heading.default\">\n\t\t\t\t<div class=\"elementor-widget-container\">\n\t\t\t\t\t<h3 class=\"elementor-heading-title elementor-size-xl\">PAULA GALIMBERTI<\/h3>\t\t\t\t<\/div>\n\t\t\t\t<\/div>\n\t\t\t\t<div class=\"elementor-element elementor-element-a0211d9 elementor-icon-list--layout-traditional elementor-list-item-link-full_width elementor-widget elementor-widget-icon-list\" data-id=\"a0211d9\" data-element_type=\"widget\" data-widget_type=\"icon-list.default\">\n\t\t\t\t<div class=\"elementor-widget-container\">\n\t\t\t\t\t\t\t<ul class=\"elementor-icon-list-items\">\n\t\t\t\t\t\t\t<li class=\"elementor-icon-list-item\">\n\t\t\t\t\t\t\t\t\t\t<span class=\"elementor-icon-list-text\">politisch unkorrekt<\/span>\n\t\t\t\t\t\t\t\t\t<\/li>\n\t\t\t\t\t\t<\/ul>\n\t\t\t\t\t\t<\/div>\n\t\t\t\t<\/div>\n\t\t\t\t<div class=\"elementor-element elementor-element-230739d elementor-widget elementor-widget-text-editor\" data-id=\"230739d\" data-element_type=\"widget\" data-widget_type=\"text-editor.default\">\n\t\t\t\t<div class=\"elementor-widget-container\">\n\t\t\t\t\t\t\t\t\t<p><span style=\"font-weight: 400;\">Das B\u00f6se, das H\u00e4ssliche, das Schlechte, die Anti-Helden und die Antagonisten, diese wunderbaren Figuren, die f\u00fcr das Geschichtenerz\u00e4hlen und die Improvisation so wichtig sind. In diesem Kurs werden wir sehen, wie wir uns ihnen ohne Angst n\u00e4hern k\u00f6nnen, ohne Angst, vom Publikum oder von uns selbst verurteilt zu werden. Wir werden mit den Werkzeugen arbeiten, um diese Charaktere, ohne die es keine Helden g\u00e4be, zu finden und zu verk\u00f6rpern. Lassen Sie Vorurteile, Diplomatie, Moral und politische Korrektheit beiseite, kommen Sie und seien Sie der B\u00f6sewicht im Film!    <\/span><\/p><p><strong>Niveau: <\/strong><span style=\"font-weight: 400;\">Improvisatoren mit mindestens einem Jahr Erfahrung in der Theaterimprovisation.<\/span><\/p><p><strong>Anzahl der Teilnehmer:<\/strong> max. 16.<\/p><p><strong>Tage: <\/strong>Freitag &#8211; 14. November<\/p><p><strong>Zeit:<\/strong> von 16:00 bis 19:00 Uhr<\/p><p><strong>Veranstaltungsort:<\/strong> Diapason Art Corner.<\/p><p><strong>Adresse:<\/strong> <span style=\"font-weight: 400;\">C. San Antonio, 30, Local 6, Bajo, 38202 La Laguna, Santa Cruz de Tenerife<\/span>.<\/p><p><strong>Preis:<\/strong> 40 Euro<\/p><p><strong>Preis f\u00fcr Studenten von Improvisationsschulen:<\/strong> 30 Euro<\/p>\t\t\t\t\t\t\t\t<\/div>\n\t\t\t\t<\/div>\n\t\t\t\t<div class=\"elementor-element elementor-element-c3612f6 elementor-align-left elementor-widget elementor-widget-button\" data-id=\"c3612f6\" data-element_type=\"widget\" data-widget_type=\"button.default\">\n\t\t\t\t<div class=\"elementor-widget-container\">\n\t\t\t\t\t\t\t\t\t<div class=\"elementor-button-wrapper\">\n\t\t\t\t\t<a class=\"elementor-button elementor-button-link elementor-size-sm\" href=\"https:\/\/tickety.es\/event\/politicamente-incorrecto-taller-paula-galimberti\" target=\"_blank\">\n\t\t\t\t\t\t<span class=\"elementor-button-content-wrapper\">\n\t\t\t\t\t\t\t\t\t<span class=\"elementor-button-text\">Workshop kaufen<\/span>\n\t\t\t\t\t<\/span>\n\t\t\t\t\t<\/a>\n\t\t\t\t<\/div>\n\t\t\t\t\t\t\t\t<\/div>\n\t\t\t\t<\/div>\n\t\t\t\t\t<\/div>\n\t\t<\/div>\n\t\t\t\t<div class=\"elementor-column elementor-col-50 elementor-inner-column elementor-element elementor-element-903c71a\" data-id=\"903c71a\" data-element_type=\"column\">\n\t\t\t<div class=\"elementor-widget-wrap elementor-element-populated\">\n\t\t\t\t\t\t<div class=\"elementor-element elementor-element-86b4b8a elementor-invisible elementor-widget elementor-widget-image\" data-id=\"86b4b8a\" data-element_type=\"widget\" data-settings=\"{&quot;_animation&quot;:&quot;zoomIn&quot;}\" data-widget_type=\"image.default\">\n\t\t\t\t<div class=\"elementor-widget-container\">\n\t\t\t\t\t\t\t\t\t\t\t\t\t\t\t<img fetchpriority=\"high\" decoding=\"async\" width=\"768\" height=\"768\" src=\"https:\/\/www.canariasimprovisa.com\/wp-content\/uploads\/2025\/08\/Foto-Paula-Galimberti-BN-1-768x768.jpg\" class=\"attachment-medium_large size-medium_large wp-image-6486\" alt=\"\" srcset=\"https:\/\/www.canariasimprovisa.com\/wp-content\/uploads\/2025\/08\/Foto-Paula-Galimberti-BN-1-768x768.jpg 768w, https:\/\/www.canariasimprovisa.com\/wp-content\/uploads\/2025\/08\/Foto-Paula-Galimberti-BN-1-300x300.jpg 300w, https:\/\/www.canariasimprovisa.com\/wp-content\/uploads\/2025\/08\/Foto-Paula-Galimberti-BN-1-1024x1024.jpg 1024w, https:\/\/www.canariasimprovisa.com\/wp-content\/uploads\/2025\/08\/Foto-Paula-Galimberti-BN-1-150x150.jpg 150w, https:\/\/www.canariasimprovisa.com\/wp-content\/uploads\/2025\/08\/Foto-Paula-Galimberti-BN-1.jpg 1064w\" sizes=\"(max-width: 768px) 100vw, 768px\" \/>\t\t\t\t\t\t\t\t\t\t\t\t\t\t\t<\/div>\n\t\t\t\t<\/div>\n\t\t\t\t\t<\/div>\n\t\t<\/div>\n\t\t\t\t\t<\/div>\n\t\t<\/section>\n\t\t\t\t<section class=\"elementor-section elementor-inner-section elementor-element elementor-element-782c392 elementor-section-content-middle elementor-section-boxed elementor-section-height-default elementor-section-height-default\" data-id=\"782c392\" data-element_type=\"section\">\n\t\t\t\t\t\t<div class=\"elementor-container elementor-column-gap-no\">\n\t\t\t\t\t<div class=\"elementor-column elementor-col-33 elementor-inner-column elementor-element elementor-element-58719b8\" data-id=\"58719b8\" data-element_type=\"column\">\n\t\t\t<div class=\"elementor-widget-wrap elementor-element-populated\">\n\t\t\t\t\t\t<div class=\"elementor-element elementor-element-e568438 elementor-invisible elementor-widget elementor-widget-image\" data-id=\"e568438\" data-element_type=\"widget\" data-settings=\"{&quot;_animation&quot;:&quot;zoomIn&quot;}\" data-widget_type=\"image.default\">\n\t\t\t\t<div class=\"elementor-widget-container\">\n\t\t\t\t\t\t\t\t\t\t\t\t\t\t\t<img decoding=\"async\" width=\"768\" height=\"768\" src=\"https:\/\/www.canariasimprovisa.com\/wp-content\/uploads\/2025\/08\/Foto-Ana-y-Rafa-BN-768x768.jpg\" class=\"attachment-medium_large size-medium_large wp-image-6492\" alt=\"\" srcset=\"https:\/\/www.canariasimprovisa.com\/wp-content\/uploads\/2025\/08\/Foto-Ana-y-Rafa-BN-768x768.jpg 768w, https:\/\/www.canariasimprovisa.com\/wp-content\/uploads\/2025\/08\/Foto-Ana-y-Rafa-BN-300x300.jpg 300w, https:\/\/www.canariasimprovisa.com\/wp-content\/uploads\/2025\/08\/Foto-Ana-y-Rafa-BN-150x150.jpg 150w, https:\/\/www.canariasimprovisa.com\/wp-content\/uploads\/2025\/08\/Foto-Ana-y-Rafa-BN.jpg 927w\" sizes=\"(max-width: 768px) 100vw, 768px\" \/>\t\t\t\t\t\t\t\t\t\t\t\t\t\t\t<\/div>\n\t\t\t\t<\/div>\n\t\t\t\t\t<\/div>\n\t\t<\/div>\n\t\t\t\t<div class=\"elementor-column elementor-col-66 elementor-inner-column elementor-element elementor-element-55ce53d elementor-invisible\" data-id=\"55ce53d\" data-element_type=\"column\" data-settings=\"{&quot;animation&quot;:&quot;fadeInRight&quot;}\">\n\t\t\t<div class=\"elementor-widget-wrap elementor-element-populated\">\n\t\t\t\t\t\t<div class=\"elementor-element elementor-element-23f33df elementor-widget elementor-widget-heading\" data-id=\"23f33df\" data-element_type=\"widget\" data-widget_type=\"heading.default\">\n\t\t\t\t<div class=\"elementor-widget-container\">\n\t\t\t\t\t<h3 class=\"elementor-heading-title elementor-size-xl\">ANA PUERTA UND RAFA VILLENA<\/h3>\t\t\t\t<\/div>\n\t\t\t\t<\/div>\n\t\t\t\t<div class=\"elementor-element elementor-element-315abce elementor-icon-list--layout-traditional elementor-list-item-link-full_width elementor-widget elementor-widget-icon-list\" data-id=\"315abce\" data-element_type=\"widget\" data-widget_type=\"icon-list.default\">\n\t\t\t\t<div class=\"elementor-widget-container\">\n\t\t\t\t\t\t\t<ul class=\"elementor-icon-list-items\">\n\t\t\t\t\t\t\t<li class=\"elementor-icon-list-item\">\n\t\t\t\t\t\t\t\t\t\t<span class=\"elementor-icon-list-text\">ES LIEGT NICHT AN MIR, SONDERN AN IHNEN<\/span>\n\t\t\t\t\t\t\t\t\t<\/li>\n\t\t\t\t\t\t<\/ul>\n\t\t\t\t\t\t<\/div>\n\t\t\t\t<\/div>\n\t\t\t\t<div class=\"elementor-element elementor-element-758ed35 elementor-widget__width-initial elementor-widget elementor-widget-text-editor\" data-id=\"758ed35\" data-element_type=\"widget\" data-widget_type=\"text-editor.default\">\n\t\t\t\t<div class=\"elementor-widget-container\">\n\t\t\t\t\t\t\t\t\t<p><span style=\"font-weight: 400;\">Status ist die Positionierung einer Person im Verh\u00e4ltnis zu anderen in einer bestimmten sozialen Gruppe. Diese Position ist immer relativ und h\u00e4ngt davon ab, wie die anderen Mitglieder dieser Gruppe uns sehen.<\/span><\/p><p><span style=\"font-weight: 400;\">Ziel des Workshops ist es, den Teilnehmern die F\u00e4higkeit zu vermitteln, im Rahmen des Improvisationstheaters mit der Anwendung von Status in den Beziehungen zu arbeiten, die in den von uns erarbeiteten Szenen entstehen werden, und zwar durch \u00dcbungen, die speziell darauf ausgerichtet sind, die M\u00f6glichkeiten von Status auf der B\u00fchne zu beherrschen.<\/span><\/p><p><strong>Niveau: <\/strong><span style=\"font-weight: 400;\">Improvisatoren mit mindestens einem Jahr Erfahrung in der Theaterimprovisation.<\/span><\/p><p><strong>Anzahl der Teilnehmer:<\/strong> max. 16.<\/p><p><strong>Tag:<\/strong> Freitag, Samstag und Sonntag &#8211; 14., 15. und 16. November<\/p><p><strong>Zeit:<\/strong> Freitag von 16:00 bis 19:00h \/ Samstag und Sonntag von 11:00 bis 14:00h.<\/p><p><strong>Standort:<\/strong> <i>PENDING<\/i><\/p><p><strong>Adresse:<\/strong> <span style=\"font-weight: 400;\"><i>PENDING<\/i><\/span><\/p><p><strong>Preis :<\/strong> 90 Euro<\/p><p><strong>Preis f\u00fcr Sch\u00fcler von Improvisationsschulen:<\/strong> 60 Euro<\/p>\t\t\t\t\t\t\t\t<\/div>\n\t\t\t\t<\/div>\n\t\t\t\t<div class=\"elementor-element elementor-element-ed2df45 elementor-align-left elementor-widget elementor-widget-button\" data-id=\"ed2df45\" data-element_type=\"widget\" data-widget_type=\"button.default\">\n\t\t\t\t<div class=\"elementor-widget-container\">\n\t\t\t\t\t\t\t\t\t<div class=\"elementor-button-wrapper\">\n\t\t\t\t\t<a class=\"elementor-button elementor-button-link elementor-size-sm\" href=\"https:\/\/tickety.es\/event\/no-eres-tu-soy-yo-taller-rafa-villena-y-ana-puerta\" target=\"_blank\">\n\t\t\t\t\t\t<span class=\"elementor-button-content-wrapper\">\n\t\t\t\t\t\t\t\t\t<span class=\"elementor-button-text\">Workshop kaufen<\/span>\n\t\t\t\t\t<\/span>\n\t\t\t\t\t<\/a>\n\t\t\t\t<\/div>\n\t\t\t\t\t\t\t\t<\/div>\n\t\t\t\t<\/div>\n\t\t\t\t\t<\/div>\n\t\t<\/div>\n\t\t\t\t\t<\/div>\n\t\t<\/section>\n\t\t\t\t<section class=\"elementor-section elementor-inner-section elementor-element elementor-element-a1dda3c elementor-section-content-middle elementor-section-boxed elementor-section-height-default elementor-section-height-default\" data-id=\"a1dda3c\" data-element_type=\"section\">\n\t\t\t\t\t\t<div class=\"elementor-container elementor-column-gap-no\">\n\t\t\t\t\t<div class=\"elementor-column elementor-col-33 elementor-inner-column elementor-element elementor-element-fb31c78\" data-id=\"fb31c78\" data-element_type=\"column\">\n\t\t\t<div class=\"elementor-widget-wrap elementor-element-populated\">\n\t\t\t\t\t\t<div class=\"elementor-element elementor-element-083e025 elementor-widget elementor-widget-heading\" data-id=\"083e025\" data-element_type=\"widget\" data-widget_type=\"heading.default\">\n\t\t\t\t<div class=\"elementor-widget-container\">\n\t\t\t\t\t<h3 class=\"elementor-heading-title elementor-size-xl\">Guacimara Gil<\/h3>\t\t\t\t<\/div>\n\t\t\t\t<\/div>\n\t\t\t\t<div class=\"elementor-element elementor-element-e02dacd elementor-icon-list--layout-traditional elementor-list-item-link-full_width elementor-widget elementor-widget-icon-list\" data-id=\"e02dacd\" data-element_type=\"widget\" data-widget_type=\"icon-list.default\">\n\t\t\t\t<div class=\"elementor-widget-container\">\n\t\t\t\t\t\t\t<ul class=\"elementor-icon-list-items\">\n\t\t\t\t\t\t\t<li class=\"elementor-icon-list-item\">\n\t\t\t\t\t\t\t\t\t\t<span class=\"elementor-icon-list-text\">VON DER MUSIK ZUM K\u00d6RPER<\/span>\n\t\t\t\t\t\t\t\t\t<\/li>\n\t\t\t\t\t\t<\/ul>\n\t\t\t\t\t\t<\/div>\n\t\t\t\t<\/div>\n\t\t\t\t<div class=\"elementor-element elementor-element-dfe8586 elementor-widget elementor-widget-text-editor\" data-id=\"dfe8586\" data-element_type=\"widget\" data-widget_type=\"text-editor.default\">\n\t\t\t\t<div class=\"elementor-widget-container\">\n\t\t\t\t\t\t\t\t\t<p><span style=\"font-weight: 400;\">Heute haben wir mehr denn je das K\u00f6rperliche vergessen, wir sind sesshaft geworden und Emotionen werden kaum noch \u00fcber den K\u00f6rper ausgedr\u00fcckt. Wir werden aus dem Impuls der Musik und dem K\u00f6rperlichen heraus arbeiten. Immer basierend auf der Methodik der Improvisation f\u00fcr die Konstruktion von Charakteren.  <\/span><\/p><p><strong>Niveau: <span style=\"font-weight: 400;\">Improvisatoren mit mindestens zwei Jahren Erfahrung in der Theaterimprovisation.<\/span><\/strong><span style=\"font-weight: 400;\">.<\/span><\/p><p><strong>Anzahl der Teilnehmer:<\/strong> max. 16.<\/p><p><strong>Tag:<\/strong> Samstag &#8211; 15. November<\/p><p><strong>Zeit:<\/strong> von 11:00 bis 14:00 Uhr<\/p><p><strong>Veranstaltungsort:<\/strong> Lenita Lindell Tanzschule<\/p><p><strong>Adresse:<\/strong> Cj\u00f3n. Bel\u00e9n, 1, 38201 La Laguna, Santa Cruz de Tenerife <\/p><p><strong>Preis:<\/strong> 40 Euro<\/p>\t\t\t\t\t\t\t\t<\/div>\n\t\t\t\t<\/div>\n\t\t\t\t<div class=\"elementor-element elementor-element-1270bdd elementor-align-left elementor-widget elementor-widget-button\" data-id=\"1270bdd\" data-element_type=\"widget\" data-widget_type=\"button.default\">\n\t\t\t\t<div class=\"elementor-widget-container\">\n\t\t\t\t\t\t\t\t\t<div class=\"elementor-button-wrapper\">\n\t\t\t\t\t<a class=\"elementor-button elementor-button-link elementor-size-sm\" href=\"https:\/\/entradas.tickety.es\/events\/de-la-musica-al-cuerpo-guacimara-gil\" target=\"_blank\">\n\t\t\t\t\t\t<span class=\"elementor-button-content-wrapper\">\n\t\t\t\t\t\t\t\t\t<span class=\"elementor-button-text\">Workshop kaufen<\/span>\n\t\t\t\t\t<\/span>\n\t\t\t\t\t<\/a>\n\t\t\t\t<\/div>\n\t\t\t\t\t\t\t\t<\/div>\n\t\t\t\t<\/div>\n\t\t\t\t\t<\/div>\n\t\t<\/div>\n\t\t\t\t<div class=\"elementor-column elementor-col-66 elementor-inner-column elementor-element elementor-element-852c372 elementor-invisible\" data-id=\"852c372\" data-element_type=\"column\" data-settings=\"{&quot;animation&quot;:&quot;fadeInRight&quot;}\">\n\t\t\t<div class=\"elementor-widget-wrap elementor-element-populated\">\n\t\t\t\t\t\t<div class=\"elementor-element elementor-element-0c658ce elementor-invisible elementor-widget elementor-widget-image\" data-id=\"0c658ce\" data-element_type=\"widget\" data-settings=\"{&quot;_animation&quot;:&quot;zoomIn&quot;}\" data-widget_type=\"image.default\">\n\t\t\t\t<div class=\"elementor-widget-container\">\n\t\t\t\t\t\t\t\t\t\t\t\t\t\t\t<img decoding=\"async\" width=\"768\" height=\"768\" src=\"https:\/\/www.canariasimprovisa.com\/wp-content\/uploads\/2025\/09\/Foto-Guacimara-Gil-BN-768x768.jpg\" class=\"attachment-medium_large size-medium_large wp-image-6923\" alt=\"\" srcset=\"https:\/\/www.canariasimprovisa.com\/wp-content\/uploads\/2025\/09\/Foto-Guacimara-Gil-BN-768x768.jpg 768w, https:\/\/www.canariasimprovisa.com\/wp-content\/uploads\/2025\/09\/Foto-Guacimara-Gil-BN-300x300.jpg 300w, https:\/\/www.canariasimprovisa.com\/wp-content\/uploads\/2025\/09\/Foto-Guacimara-Gil-BN-1024x1024.jpg 1024w, https:\/\/www.canariasimprovisa.com\/wp-content\/uploads\/2025\/09\/Foto-Guacimara-Gil-BN-150x150.jpg 150w, https:\/\/www.canariasimprovisa.com\/wp-content\/uploads\/2025\/09\/Foto-Guacimara-Gil-BN.jpg 1066w\" sizes=\"(max-width: 768px) 100vw, 768px\" \/>\t\t\t\t\t\t\t\t\t\t\t\t\t\t\t<\/div>\n\t\t\t\t<\/div>\n\t\t\t\t\t<\/div>\n\t\t<\/div>\n\t\t\t\t\t<\/div>\n\t\t<\/section>\n\t\t\t\t<section class=\"elementor-section elementor-inner-section elementor-element elementor-element-214a988 elementor-section-content-middle elementor-reverse-mobile elementor-section-boxed elementor-section-height-default elementor-section-height-default\" data-id=\"214a988\" data-element_type=\"section\">\n\t\t\t\t\t\t<div class=\"elementor-container elementor-column-gap-no\">\n\t\t\t\t\t<div class=\"elementor-column elementor-col-50 elementor-inner-column elementor-element elementor-element-a915604 elementor-invisible\" data-id=\"a915604\" data-element_type=\"column\" data-settings=\"{&quot;animation&quot;:&quot;fadeInLeft&quot;}\">\n\t\t\t<div class=\"elementor-widget-wrap elementor-element-populated\">\n\t\t\t\t\t\t<div class=\"elementor-element elementor-element-344c1d5 elementor-invisible elementor-widget elementor-widget-image\" data-id=\"344c1d5\" data-element_type=\"widget\" data-settings=\"{&quot;_animation&quot;:&quot;zoomIn&quot;}\" data-widget_type=\"image.default\">\n\t\t\t\t<div class=\"elementor-widget-container\">\n\t\t\t\t\t\t\t\t\t\t\t\t\t\t\t<img loading=\"lazy\" decoding=\"async\" width=\"768\" height=\"768\" src=\"https:\/\/www.canariasimprovisa.com\/wp-content\/uploads\/2025\/09\/Foto-Irene-BN-768x768.jpg\" class=\"attachment-medium_large size-medium_large wp-image-6926\" alt=\"\" srcset=\"https:\/\/www.canariasimprovisa.com\/wp-content\/uploads\/2025\/09\/Foto-Irene-BN-768x768.jpg 768w, https:\/\/www.canariasimprovisa.com\/wp-content\/uploads\/2025\/09\/Foto-Irene-BN-300x300.jpg 300w, https:\/\/www.canariasimprovisa.com\/wp-content\/uploads\/2025\/09\/Foto-Irene-BN-150x150.jpg 150w, https:\/\/www.canariasimprovisa.com\/wp-content\/uploads\/2025\/09\/Foto-Irene-BN.jpg 1000w\" sizes=\"(max-width: 768px) 100vw, 768px\" \/>\t\t\t\t\t\t\t\t\t\t\t\t\t\t\t<\/div>\n\t\t\t\t<\/div>\n\t\t\t\t\t<\/div>\n\t\t<\/div>\n\t\t\t\t<div class=\"elementor-column elementor-col-50 elementor-inner-column elementor-element elementor-element-9a593f5\" data-id=\"9a593f5\" data-element_type=\"column\">\n\t\t\t<div class=\"elementor-widget-wrap elementor-element-populated\">\n\t\t\t\t\t\t<div class=\"elementor-element elementor-element-d72d024 elementor-widget elementor-widget-heading\" data-id=\"d72d024\" data-element_type=\"widget\" data-widget_type=\"heading.default\">\n\t\t\t\t<div class=\"elementor-widget-container\">\n\t\t\t\t\t<h3 class=\"elementor-heading-title elementor-size-xl\">Irene \u00c1lvarez<\/h3>\t\t\t\t<\/div>\n\t\t\t\t<\/div>\n\t\t\t\t<div class=\"elementor-element elementor-element-039b480 elementor-icon-list--layout-traditional elementor-list-item-link-full_width elementor-widget elementor-widget-icon-list\" data-id=\"039b480\" data-element_type=\"widget\" data-widget_type=\"icon-list.default\">\n\t\t\t\t<div class=\"elementor-widget-container\">\n\t\t\t\t\t\t\t<ul class=\"elementor-icon-list-items\">\n\t\t\t\t\t\t\t<li class=\"elementor-icon-list-item\">\n\t\t\t\t\t\t\t\t\t\t<span class=\"elementor-icon-list-text\">INICIACI\u00d3N A LA IMPROVISACI\u00d3N TEATRAL - Taller para CIJ<\/span>\n\t\t\t\t\t\t\t\t\t<\/li>\n\t\t\t\t\t\t<\/ul>\n\t\t\t\t\t\t<\/div>\n\t\t\t\t<\/div>\n\t\t\t\t<div class=\"elementor-element elementor-element-fa6b690 elementor-widget elementor-widget-text-editor\" data-id=\"fa6b690\" data-element_type=\"widget\" data-widget_type=\"text-editor.default\">\n\t\t\t\t<div class=\"elementor-widget-container\">\n\t\t\t\t\t\t\t\t\t<p><span style=\"font-weight: 400;\">\u00bfTe pasas la vida improvisando? \u00a1Este taller es para t\u00ed!<\/span><\/p><p><span style=\"font-weight: 400;\">Imprudentes teatro te invita a su taller de iniciaci\u00f3n a la improvisaci\u00f3n teatral en el que prender\u00e1s a conectar con la mirada, el cuerpo y la voz para dejar de lado las pantallas y descubrir diferentes universos a trav\u00e9s de nosotros mismos y de escucharnos.<\/span><\/p><p><span style=\"font-weight: 400;\">La escucha es la base de la vida, comprendernos, hablarnos y escucharnos son claves para avanzar tanto como improvisador como persona.<\/span><\/p><p><span style=\"font-weight: 400;\">Un taller din\u00e1mico, divertido que nos har\u00e1 conocernos un poco m\u00e1s a nosotros mismos, donde aprender a trabajar en equipo y aceptar las propuestas de lxs compa\u00f1erxs.<\/span><\/p><p><span style=\"font-weight: 400;\">\u00a1Juegos, retos, desaf\u00edos y sobre todo, mucha improvisaci\u00f3n! <\/span><span style=\"font-weight: 400;\">\u00a1Ponte a prueba!<\/span><\/p><p><strong>N\u00ba participantes:<\/strong> 20 max.<\/p><p><strong>D\u00eda:<\/strong> S\u00e1bado &#8211; 15 de noviembre<\/p><p><strong>Hora:<\/strong> de 17:00 a 19:00h<\/p><p><strong>Lugar:<\/strong> Centro de Informaci\u00f3n Juvenil (CIJ) Cabildo de Tenerife.<\/p><p><strong>Direcci\u00f3n:<\/strong> C. Fuente Morales, s\/n, 38003 Santa Cruz de Tenerife<\/p><p><strong>Precio :<\/strong> Entrada libre<\/p>\t\t\t\t\t\t\t\t<\/div>\n\t\t\t\t<\/div>\n\t\t\t\t<div class=\"elementor-element elementor-element-0529a8a elementor-align-left elementor-widget elementor-widget-button\" data-id=\"0529a8a\" data-element_type=\"widget\" data-widget_type=\"button.default\">\n\t\t\t\t<div class=\"elementor-widget-container\">\n\t\t\t\t\t\t\t\t\t<div class=\"elementor-button-wrapper\">\n\t\t\t\t\t<a class=\"elementor-button elementor-button-link elementor-size-sm\" href=\"https:\/\/tenerifejovenyeduca.com\/cij\/actividades\/agenda-cultural-taller-de-iniciacion-a-la-improvisacion-teatral\/\" target=\"_blank\">\n\t\t\t\t\t\t<span class=\"elementor-button-content-wrapper\">\n\t\t\t\t\t\t\t\t\t<span class=\"elementor-button-text\">Inscribirse<\/span>\n\t\t\t\t\t<\/span>\n\t\t\t\t\t<\/a>\n\t\t\t\t<\/div>\n\t\t\t\t\t\t\t\t<\/div>\n\t\t\t\t<\/div>\n\t\t\t\t\t<\/div>\n\t\t<\/div>\n\t\t\t\t\t<\/div>\n\t\t<\/section>\n\t\t\t\t\t<\/div>\n\t\t<\/div>\n\t\t\t\t\t<\/div>\n\t\t<\/section>\n\t\t\t\t<section class=\"elementor-section elementor-top-section elementor-element elementor-element-45bee1cd elementor-section-content-middle elementor-section-boxed elementor-section-height-default elementor-section-height-default\" data-id=\"45bee1cd\" data-element_type=\"section\" data-settings=\"{&quot;background_background&quot;:&quot;classic&quot;,&quot;shape_divider_top&quot;:&quot;curve&quot;,&quot;shape_divider_top_negative&quot;:&quot;yes&quot;}\">\n\t\t\t\t\t\t\t<div class=\"elementor-background-overlay\"><\/div>\n\t\t\t\t\t\t<div class=\"elementor-shape elementor-shape-top\" aria-hidden=\"true\" data-negative=\"true\">\n\t\t\t<svg xmlns=\"http:\/\/www.w3.org\/2000\/svg\" viewBox=\"0 0 1000 100\" preserveAspectRatio=\"none\">\n\t<path class=\"elementor-shape-fill\" d=\"M500,97C126.7,96.3,0.8,19.8,0,0v100l1000,0V1C1000,19.4,873.3,97.8,500,97z\"\/>\n<\/svg>\t\t<\/div>\n\t\t\t\t\t<div class=\"elementor-container elementor-column-gap-default\">\n\t\t\t\t\t<div class=\"elementor-column elementor-col-100 elementor-top-column elementor-element elementor-element-39c0077b\" data-id=\"39c0077b\" data-element_type=\"column\">\n\t\t\t<div class=\"elementor-widget-wrap elementor-element-populated\">\n\t\t\t\t\t\t<div class=\"elementor-element elementor-element-20f59f70 animated-fast elementor-invisible elementor-widget elementor-widget-heading\" data-id=\"20f59f70\" data-element_type=\"widget\" data-settings=\"{&quot;_animation&quot;:&quot;zoomIn&quot;}\" data-widget_type=\"heading.default\">\n\t\t\t\t<div class=\"elementor-widget-container\">\n\t\t\t\t\t<span class=\"elementor-heading-title elementor-size-xl\">Sind Sie an einer Aktivit\u00e4t interessiert?<\/span>\t\t\t\t<\/div>\n\t\t\t\t<\/div>\n\t\t\t\t<div class=\"elementor-element elementor-element-52e50581 elementor-invisible elementor-widget elementor-widget-heading\" data-id=\"52e50581\" data-element_type=\"widget\" data-settings=\"{&quot;_animation&quot;:&quot;fadeIn&quot;}\" data-widget_type=\"heading.default\">\n\t\t\t\t<div class=\"elementor-widget-container\">\n\t\t\t\t\t<span class=\"elementor-heading-title elementor-size-medium\">Programm ansehen und Karten kaufen<\/span>\t\t\t\t<\/div>\n\t\t\t\t<\/div>\n\t\t\t\t<div class=\"elementor-element elementor-element-a95530a elementor-align-center elementor-invisible elementor-widget elementor-widget-button\" data-id=\"a95530a\" data-element_type=\"widget\" data-settings=\"{&quot;_animation&quot;:&quot;fadeInUp&quot;}\" data-widget_type=\"button.default\">\n\t\t\t\t<div class=\"elementor-widget-container\">\n\t\t\t\t\t\t\t\t\t<div class=\"elementor-button-wrapper\">\n\t\t\t\t\t<a class=\"elementor-button elementor-button-link elementor-size-md\" href=\"https:\/\/www.canariasimprovisa.com\/de\/programmierung\/\">\n\t\t\t\t\t\t<span class=\"elementor-button-content-wrapper\">\n\t\t\t\t\t\t<span class=\"elementor-button-icon\">\n\t\t\t\t\t\t\t<\/span>\n\t\t\t\t\t\t\t\t\t<span class=\"elementor-button-text\">Siehe Programmierung<\/span>\n\t\t\t\t\t<\/span>\n\t\t\t\t\t<\/a>\n\t\t\t\t<\/div>\n\t\t\t\t\t\t\t\t<\/div>\n\t\t\t\t<\/div>\n\t\t\t\t\t<\/div>\n\t\t<\/div>\n\t\t\t\t\t<\/div>\n\t\t<\/section>\n\t\t\t\t<\/div>\n\t\t","protected":false},"excerpt":{"rendered":"<p>KANARIENVOGEL IMPROVISIERT Werkst\u00e4tten Programmierung Unsere Workshops PAULA GALIMBERTI politisch unkorrekt Das B\u00f6se, das H\u00e4ssliche, das Schlechte, die Anti-Helden und die Antagonisten, diese wunderbaren Figuren, die f\u00fcr das Geschichtenerz\u00e4hlen und die Improvisation so wichtig sind. In diesem Kurs werden wir sehen, wie wir uns ihnen ohne Angst n\u00e4hern k\u00f6nnen, ohne Angst, vom Publikum oder von uns [&hellip;]<\/p>\n","protected":false},"author":1,"featured_media":0,"parent":0,"menu_order":0,"comment_status":"closed","ping_status":"closed","template":"elementor_header_footer","meta":{"footnotes":""},"class_list":["post-2652","page","type-page","status-publish","hentry"],"yoast_head":"<!-- This site is optimized with the Yoast SEO plugin v26.8 - https:\/\/yoast.com\/product\/yoast-seo-wordpress\/ -->\n<title>Workshops und Aktivit\u00e4ten Canarias Improvisa, theatralische Improvisation Kanarische Inseln<\/title>\n<meta name=\"description\" content=\"Canarias Improvisa Workshops und Aktivit\u00e4ten. Entdecken Sie alle Aktivit\u00e4ten, die in Canarias Improvisa, den Improvisationstheater-Workshops, angeboten werden.\" \/>\n<meta name=\"robots\" content=\"index, follow, max-snippet:-1, max-image-preview:large, max-video-preview:-1\" \/>\n<link rel=\"canonical\" href=\"https:\/\/www.canariasimprovisa.com\/de\/werkstaetten\/\" \/>\n<meta property=\"og:locale\" content=\"de_DE\" \/>\n<meta property=\"og:type\" content=\"article\" \/>\n<meta property=\"og:title\" content=\"Workshops und Aktivit\u00e4ten Canarias Improvisa, theatralische Improvisation Kanarische Inseln\" \/>\n<meta property=\"og:description\" content=\"Canarias Improvisa Workshops und Aktivit\u00e4ten. Entdecken Sie alle Aktivit\u00e4ten, die in Canarias Improvisa, den Improvisationstheater-Workshops, angeboten werden.\" \/>\n<meta property=\"og:url\" content=\"https:\/\/www.canariasimprovisa.com\/de\/werkstaetten\/\" \/>\n<meta property=\"og:site_name\" content=\"Festival Impro\" \/>\n<meta property=\"article:modified_time\" content=\"2025-09-08T16:26:36+00:00\" \/>\n<meta property=\"og:image\" content=\"https:\/\/www.canariasimprovisa.com\/wp-content\/uploads\/2025\/08\/Foto-Paula-Galimberti-BN-1.jpg\" \/>\n\t<meta property=\"og:image:width\" content=\"1064\" \/>\n\t<meta property=\"og:image:height\" content=\"1064\" \/>\n\t<meta property=\"og:image:type\" content=\"image\/jpeg\" \/>\n<meta name=\"twitter:card\" content=\"summary_large_image\" \/>\n<meta name=\"twitter:label1\" content=\"Gesch\u00e4tzte Lesezeit\" \/>\n\t<meta name=\"twitter:data1\" content=\"3\u00a0Minuten\" \/>\n<script type=\"application\/ld+json\" class=\"yoast-schema-graph\">{\"@context\":\"https:\/\/schema.org\",\"@graph\":[{\"@type\":\"WebPage\",\"@id\":\"https:\/\/www.canariasimprovisa.com\/de\/werkstaetten\/\",\"url\":\"https:\/\/www.canariasimprovisa.com\/de\/werkstaetten\/\",\"name\":\"Workshops und Aktivit\u00e4ten Canarias Improvisa, theatralische Improvisation Kanarische Inseln\",\"isPartOf\":{\"@id\":\"https:\/\/www.canariasimprovisa.com\/de\/#website\"},\"primaryImageOfPage\":{\"@id\":\"https:\/\/www.canariasimprovisa.com\/de\/werkstaetten\/#primaryimage\"},\"image\":{\"@id\":\"https:\/\/www.canariasimprovisa.com\/de\/werkstaetten\/#primaryimage\"},\"thumbnailUrl\":\"https:\/\/www.canariasimprovisa.com\/wp-content\/uploads\/2025\/08\/Foto-Paula-Galimberti-BN-1-768x768.jpg\",\"datePublished\":\"2022-03-01T10:50:20+00:00\",\"dateModified\":\"2025-09-08T16:26:36+00:00\",\"description\":\"Canarias Improvisa Workshops und Aktivit\u00e4ten. Entdecken Sie alle Aktivit\u00e4ten, die in Canarias Improvisa, den Improvisationstheater-Workshops, angeboten werden.\",\"breadcrumb\":{\"@id\":\"https:\/\/www.canariasimprovisa.com\/de\/werkstaetten\/#breadcrumb\"},\"inLanguage\":\"de\",\"potentialAction\":[{\"@type\":\"ReadAction\",\"target\":[\"https:\/\/www.canariasimprovisa.com\/de\/werkstaetten\/\"]}]},{\"@type\":\"ImageObject\",\"inLanguage\":\"de\",\"@id\":\"https:\/\/www.canariasimprovisa.com\/de\/werkstaetten\/#primaryimage\",\"url\":\"https:\/\/www.canariasimprovisa.com\/wp-content\/uploads\/2025\/08\/Foto-Paula-Galimberti-BN-1-768x768.jpg\",\"contentUrl\":\"https:\/\/www.canariasimprovisa.com\/wp-content\/uploads\/2025\/08\/Foto-Paula-Galimberti-BN-1-768x768.jpg\"},{\"@type\":\"BreadcrumbList\",\"@id\":\"https:\/\/www.canariasimprovisa.com\/de\/werkstaetten\/#breadcrumb\",\"itemListElement\":[{\"@type\":\"ListItem\",\"position\":1,\"name\":\"Portada\",\"item\":\"https:\/\/www.canariasimprovisa.com\/de\/\"},{\"@type\":\"ListItem\",\"position\":2,\"name\":\"Werkst\u00e4tten\"}]},{\"@type\":\"WebSite\",\"@id\":\"https:\/\/www.canariasimprovisa.com\/de\/#website\",\"url\":\"https:\/\/www.canariasimprovisa.com\/de\/\",\"name\":\"Festival Impro\",\"description\":\"Festival de Improvisaci\u00f3n de Canarias.\",\"potentialAction\":[{\"@type\":\"SearchAction\",\"target\":{\"@type\":\"EntryPoint\",\"urlTemplate\":\"https:\/\/www.canariasimprovisa.com\/de\/?s={search_term_string}\"},\"query-input\":{\"@type\":\"PropertyValueSpecification\",\"valueRequired\":true,\"valueName\":\"search_term_string\"}}],\"inLanguage\":\"de\"}]}<\/script>\n<!-- \/ Yoast SEO plugin. -->","yoast_head_json":{"title":"Workshops und Aktivit\u00e4ten Canarias Improvisa, theatralische Improvisation Kanarische Inseln","description":"Canarias Improvisa Workshops und Aktivit\u00e4ten. Entdecken Sie alle Aktivit\u00e4ten, die in Canarias Improvisa, den Improvisationstheater-Workshops, angeboten werden.","robots":{"index":"index","follow":"follow","max-snippet":"max-snippet:-1","max-image-preview":"max-image-preview:large","max-video-preview":"max-video-preview:-1"},"canonical":"https:\/\/www.canariasimprovisa.com\/de\/werkstaetten\/","og_locale":"de_DE","og_type":"article","og_title":"Workshops und Aktivit\u00e4ten Canarias Improvisa, theatralische Improvisation Kanarische Inseln","og_description":"Canarias Improvisa Workshops und Aktivit\u00e4ten. Entdecken Sie alle Aktivit\u00e4ten, die in Canarias Improvisa, den Improvisationstheater-Workshops, angeboten werden.","og_url":"https:\/\/www.canariasimprovisa.com\/de\/werkstaetten\/","og_site_name":"Festival Impro","article_modified_time":"2025-09-08T16:26:36+00:00","og_image":[{"width":1064,"height":1064,"url":"https:\/\/www.canariasimprovisa.com\/wp-content\/uploads\/2025\/08\/Foto-Paula-Galimberti-BN-1.jpg","type":"image\/jpeg"}],"twitter_card":"summary_large_image","twitter_misc":{"Gesch\u00e4tzte Lesezeit":"3\u00a0Minuten"},"schema":{"@context":"https:\/\/schema.org","@graph":[{"@type":"WebPage","@id":"https:\/\/www.canariasimprovisa.com\/de\/werkstaetten\/","url":"https:\/\/www.canariasimprovisa.com\/de\/werkstaetten\/","name":"Workshops und Aktivit\u00e4ten Canarias Improvisa, theatralische Improvisation Kanarische Inseln","isPartOf":{"@id":"https:\/\/www.canariasimprovisa.com\/de\/#website"},"primaryImageOfPage":{"@id":"https:\/\/www.canariasimprovisa.com\/de\/werkstaetten\/#primaryimage"},"image":{"@id":"https:\/\/www.canariasimprovisa.com\/de\/werkstaetten\/#primaryimage"},"thumbnailUrl":"https:\/\/www.canariasimprovisa.com\/wp-content\/uploads\/2025\/08\/Foto-Paula-Galimberti-BN-1-768x768.jpg","datePublished":"2022-03-01T10:50:20+00:00","dateModified":"2025-09-08T16:26:36+00:00","description":"Canarias Improvisa Workshops und Aktivit\u00e4ten. Entdecken Sie alle Aktivit\u00e4ten, die in Canarias Improvisa, den Improvisationstheater-Workshops, angeboten werden.","breadcrumb":{"@id":"https:\/\/www.canariasimprovisa.com\/de\/werkstaetten\/#breadcrumb"},"inLanguage":"de","potentialAction":[{"@type":"ReadAction","target":["https:\/\/www.canariasimprovisa.com\/de\/werkstaetten\/"]}]},{"@type":"ImageObject","inLanguage":"de","@id":"https:\/\/www.canariasimprovisa.com\/de\/werkstaetten\/#primaryimage","url":"https:\/\/www.canariasimprovisa.com\/wp-content\/uploads\/2025\/08\/Foto-Paula-Galimberti-BN-1-768x768.jpg","contentUrl":"https:\/\/www.canariasimprovisa.com\/wp-content\/uploads\/2025\/08\/Foto-Paula-Galimberti-BN-1-768x768.jpg"},{"@type":"BreadcrumbList","@id":"https:\/\/www.canariasimprovisa.com\/de\/werkstaetten\/#breadcrumb","itemListElement":[{"@type":"ListItem","position":1,"name":"Portada","item":"https:\/\/www.canariasimprovisa.com\/de\/"},{"@type":"ListItem","position":2,"name":"Werkst\u00e4tten"}]},{"@type":"WebSite","@id":"https:\/\/www.canariasimprovisa.com\/de\/#website","url":"https:\/\/www.canariasimprovisa.com\/de\/","name":"Festival Impro","description":"Festival de Improvisaci\u00f3n de Canarias.","potentialAction":[{"@type":"SearchAction","target":{"@type":"EntryPoint","urlTemplate":"https:\/\/www.canariasimprovisa.com\/de\/?s={search_term_string}"},"query-input":{"@type":"PropertyValueSpecification","valueRequired":true,"valueName":"search_term_string"}}],"inLanguage":"de"}]}},"_links":{"self":[{"href":"https:\/\/www.canariasimprovisa.com\/de\/wp-json\/wp\/v2\/pages\/2652","targetHints":{"allow":["GET"]}}],"collection":[{"href":"https:\/\/www.canariasimprovisa.com\/de\/wp-json\/wp\/v2\/pages"}],"about":[{"href":"https:\/\/www.canariasimprovisa.com\/de\/wp-json\/wp\/v2\/types\/page"}],"author":[{"embeddable":true,"href":"https:\/\/www.canariasimprovisa.com\/de\/wp-json\/wp\/v2\/users\/1"}],"replies":[{"embeddable":true,"href":"https:\/\/www.canariasimprovisa.com\/de\/wp-json\/wp\/v2\/comments?post=2652"}],"version-history":[{"count":5,"href":"https:\/\/www.canariasimprovisa.com\/de\/wp-json\/wp\/v2\/pages\/2652\/revisions"}],"predecessor-version":[{"id":7737,"href":"https:\/\/www.canariasimprovisa.com\/de\/wp-json\/wp\/v2\/pages\/2652\/revisions\/7737"}],"wp:attachment":[{"href":"https:\/\/www.canariasimprovisa.com\/de\/wp-json\/wp\/v2\/media?parent=2652"}],"curies":[{"name":"wp","href":"https:\/\/api.w.org\/{rel}","templated":true}]}}